{"id":4858,"date":"2014-09-01T18:08:31","date_gmt":"2014-09-01T18:08:31","guid":{"rendered":"http:\/\/demos.artbees.net\/jupiter5\/?page_id=4858"},"modified":"2017-07-18T13:50:56","modified_gmt":"2017-07-18T11:50:56","slug":"handtuch-bademantel-bettwasche-produktion","status":"publish","type":"page","link":"https:\/\/www.zoreltekstil.com.tr\/de\/handtuch-bademantel-bettwasche-produktion\/","title":{"rendered":"Handtuch Bademantel Bettw\u00e4sche Produktion"},"content":{"rendered":"[mk_page_section bg_image=&#8220;https:\/\/www.zoreltekstil.com.tr\/de\/turkishtextile\/about.jpg&#8220; bg_position=&#8220;center top&#8220; bg_stretch=&#8220;true&#8220; enable_3d=&#8220;true&#8220; video_loop=&#8220;false&#8220; min_height=&#8220;0&#8243; full_width=&#8220;true&#8220; full_height=&#8220;true&#8220; padding_top=&#8220;88&#8243; padding_bottom=&#8220;60&#8243; visibility=&#8220;hidden-sm&#8220; sidebar=&#8220;sidebar-1&#8243; first_page=&#8220;false&#8220; last_page=&#8220;false&#8220;][vc_column width=&#8220;1\/4&#8243; css=&#8220;.vc_custom_1453812339998{background-color: rgba(30,115,190,0.2) !important;background-position: center !important;background-repeat: no-repeat !important;background-size: cover !important;*background-color: rgb(30,115,190) !important;border-radius: 10px !important;}&#8220;][mk_milestone icon=&#8220;mk-li-smile&#8220; icon_size=&#8220;large&#8220; align=&#8220;center&#8220; icon_color=&#8220;#ffffff&#8220; stop=&#8220;99.7&#8243; suffix=&#8220;%&#8220; text=&#8220;Customer Happies&#8220; text_color=&#8220;#ffffff&#8220; font_family=&#8220;none&#8220; font_weight=&#8220;bolder&#8220; desc_size=&#8220;21&#8243;][\/vc_column][vc_column width=&#8220;1\/4&#8243; css=&#8220;.vc_custom_1453812896780{background-color: rgba(30,115,190,0.2) !important;*background-color: rgb(30,115,190) !important;border-radius: 20px !important;}&#8220;][mk_milestone icon=&#8220;mk-li-smile&#8220; icon_size=&#8220;large&#8220; align=&#8220;center&#8220; icon_color=&#8220;#ffffff&#8220; stop=&#8220;180&#8243; text=&#8220;Happy Employees&#8220; text_color=&#8220;#ffffff&#8220; font_family=&#8220;none&#8220; font_weight=&#8220;bolder&#8220; desc_size=&#8220;21&#8243;][\/vc_column][vc_column width=&#8220;1\/4&#8243; css=&#8220;.vc_custom_1453812940771{background-color: rgba(30,115,190,0.2) !important;*background-color: rgb(30,115,190) !important;border-radius: 20px !important;}&#8220;][mk_milestone icon=&#8220;mk-moon-truck&#8220; icon_size=&#8220;large&#8220; align=&#8220;center&#8220; icon_color=&#8220;#ffffff&#8220; stop=&#8220;120&#8243; text=&#8220;Month \/ Ton Manufacture&#8220; text_color=&#8220;#ffffff&#8220; font_family=&#8220;none&#8220; font_weight=&#8220;bolder&#8220; desc_size=&#8220;21&#8243;][\/vc_column][vc_column width=&#8220;1\/4&#8243; css=&#8220;.vc_custom_1453812980795{background-color: rgba(30,115,190,0.2) !important;*background-color: rgb(30,115,190) !important;border-radius: 20px !important;}&#8220;][mk_milestone icon=&#8220;mk-moon-airplane-2&#8243; icon_size=&#8220;large&#8220; align=&#8220;center&#8220; icon_color=&#8220;#ffffff&#8220; stop=&#8220;98&#8243; suffix=&#8220;%&#8220; text=&#8220;Timely Delivery&#8220; text_color=&#8220;#ffffff&#8220; text_size=&#8220;47&#8243; font_family=&#8220;none&#8220; font_weight=&#8220;bolder&#8220; desc_size=&#8220;21&#8243;][\/vc_column][vc_column][vc_row_inner visibility=&#8220;hidden-sm&#8220;][vc_column_inner width=&#8220;1\/4&#8243;][mk_button dimension=&#8220;two&#8220; corner_style=&#8220;full_rounded&#8220; size=&#8220;large&#8220; url=&#8220;#overview&#8220; fullwidth=&#8220;true&#8220; bg_color=&#8220;rgba(30,115,190,0.6)&#8220;]Allgemeine \u00dcberblick[\/mk_button][\/vc_column_inner][vc_column_inner width=&#8220;1\/4&#8243;][mk_button dimension=&#8220;two&#8220; corner_style=&#8220;full_rounded&#8220; size=&#8220;large&#8220; url=&#8220;#team&#8220; fullwidth=&#8220;true&#8220; bg_color=&#8220;rgba(30,115,190,0.6)&#8220;]Team[\/mk_button][\/vc_column_inner][vc_column_inner width=&#8220;1\/4&#8243;][mk_button dimension=&#8220;two&#8220; corner_style=&#8220;full_rounded&#8220; size=&#8220;large&#8220; url=&#8220;#social&#8220; fullwidth=&#8220;true&#8220; bg_color=&#8220;rgba(30,115,190,0.6)&#8220;]Soziale Verantwortung [\/mk_button][\/vc_column_inner][vc_column_inner width=&#8220;1\/4&#8243;][mk_button dimension=&#8220;two&#8220; corner_style=&#8220;full_rounded&#8220; size=&#8220;large&#8220; url=&#8220;https:\/\/www.zoreltekstil.com.tr\/our-certificates\/&#8220; target=&#8220;_blank&#8220; fullwidth=&#8220;true&#8220; bg_color=&#8220;rgba(30,115,190,0.6)&#8220;]Zertifikaten[\/mk_button][\/vc_column_inner][\/vc_row_inner][\/vc_column][\/mk_page_section][mk_page_section bg_image=&#8220;https:\/\/www.zoreltekstil.com.tr\/de\/turkishtextile\/aboutmobile1.jpg&#8220; bg_stretch=&#8220;true&#8220; video_loop=&#8220;false&#8220; min_height=&#8220;0&#8243; js_vertical_centered=&#8220;true&#8220; padding_top=&#8220;14&#8243; padding_bottom=&#8220;60&#8243; visibility=&#8220;visible-sm&#8220; first_page=&#8220;false&#8220; last_page=&#8220;false&#8220; sidebar=&#8220;sidebar-1&#8243;][vc_column width=&#8220;1\/4&#8243; css=&#8220;.vc_custom_1453812339998{background-color: rgba(30,115,190,0.2) !important;background-position: center !important;background-repeat: no-repeat !important;background-size: cover !important;*background-color: rgb(30,115,190) !important;border-radius: 10px !important;}&#8220;][mk_milestone icon=&#8220;mk-li-smile&#8220; align=&#8220;center&#8220; icon_color=&#8220;#ffffff&#8220; stop=&#8220;99.7&#8243; suffix=&#8220;%&#8220; text=&#8220;Customer Happies&#8220; text_color=&#8220;#ffffff&#8220; font_family=&#8220;none&#8220; font_weight=&#8220;bolder&#8220; desc_size=&#8220;21&#8243;][\/vc_column][vc_column width=&#8220;1\/4&#8243; css=&#8220;.vc_custom_1453812896780{background-color: rgba(30,115,190,0.2) !important;*background-color: rgb(30,115,190) !important;border-radius: 20px !important;}&#8220;][mk_milestone icon=&#8220;mk-li-smile&#8220; align=&#8220;center&#8220; icon_color=&#8220;#ffffff&#8220; stop=&#8220;180&#8243; text=&#8220;Happy Employees&#8220; text_color=&#8220;#ffffff&#8220; font_family=&#8220;none&#8220; font_weight=&#8220;bolder&#8220; desc_size=&#8220;21&#8243;][\/vc_column][vc_column width=&#8220;1\/4&#8243; css=&#8220;.vc_custom_1453812940771{background-color: rgba(30,115,190,0.2) !important;*background-color: rgb(30,115,190) !important;border-radius: 20px !important;}&#8220;][mk_milestone icon=&#8220;mk-moon-truck&#8220; align=&#8220;center&#8220; icon_color=&#8220;#ffffff&#8220; stop=&#8220;120&#8243; text=&#8220;Month \/ Ton Manufacture&#8220; text_color=&#8220;#ffffff&#8220; font_family=&#8220;none&#8220; font_weight=&#8220;bolder&#8220; desc_size=&#8220;21&#8243;][\/vc_column][vc_column width=&#8220;1\/4&#8243; css=&#8220;.vc_custom_1453812980795{background-color: rgba(30,115,190,0.2) !important;*background-color: rgb(30,115,190) !important;border-radius: 20px !important;}&#8220;][mk_milestone icon=&#8220;mk-moon-airplane-2&#8243; align=&#8220;center&#8220; icon_color=&#8220;#ffffff&#8220; stop=&#8220;98&#8243; suffix=&#8220;%&#8220; text=&#8220;Timely Delivery&#8220; text_color=&#8220;#ffffff&#8220; text_size=&#8220;47&#8243; font_family=&#8220;none&#8220; font_weight=&#8220;bolder&#8220; desc_size=&#8220;21&#8243;][\/vc_column][vc_column][vc_row_inner][vc_column_inner width=&#8220;1\/4&#8243;][mk_button dimension=&#8220;two&#8220; corner_style=&#8220;full_rounded&#8220; size=&#8220;large&#8220; url=&#8220;#overview&#8220; fullwidth=&#8220;true&#8220; bg_color=&#8220;rgba(30,115,190,0.6)&#8220;]Allgemeine \u00dcberblick[\/mk_button][\/vc_column_inner][vc_column_inner width=&#8220;1\/4&#8243;][mk_button dimension=&#8220;two&#8220; corner_style=&#8220;full_rounded&#8220; size=&#8220;large&#8220; url=&#8220;#team&#8220; fullwidth=&#8220;true&#8220; bg_color=&#8220;rgba(30,115,190,0.6)&#8220;]Team[\/mk_button][\/vc_column_inner][vc_column_inner width=&#8220;1\/4&#8243;][mk_button dimension=&#8220;two&#8220; corner_style=&#8220;full_rounded&#8220; size=&#8220;large&#8220; url=&#8220;#social&#8220; fullwidth=&#8220;true&#8220; bg_color=&#8220;rgba(30,115,190,0.6)&#8220;]Soziale Verantwortung [\/mk_button][\/vc_column_inner][vc_column_inner width=&#8220;1\/4&#8243;][mk_button dimension=&#8220;two&#8220; corner_style=&#8220;full_rounded&#8220; size=&#8220;large&#8220; url=&#8220;https:\/\/www.zoreltekstil.com.tr\/our-certificates\/&#8220; target=&#8220;_blank&#8220; fullwidth=&#8220;true&#8220; bg_color=&#8220;rgba(30,115,190,0.6)&#8220;]Zertifikaten[\/mk_button][\/vc_column_inner][\/vc_row_inner][\/vc_column][\/mk_page_section][vc_row fullwidth=&#8220;true&#8220; padding=&#8220;0&#8243;][vc_column][mk_divider style=&#8220;thin_solid&#8220; thickness=&#8220;4&#8243; margin_top=&#8220;0&#8243; margin_bottom=&#8220;100&#8243;][\/vc_column][\/vc_row][vc_row id=&#8220;overview&#8220;][vc_column width=&#8220;1\/4&#8243;][mk_fancy_title color=&#8220;#393836&#8243; size=&#8220;20&#8243; font_weight=&#8220;bold&#8220; font_style=&#8220;normal&#8220; txt_transform=&#8220;uppercase&#8220; letter_spacing=&#8220;1&#8243; margin_bottom=&#8220;0&#8243; font_family=&#8220;none&#8220;]<span style=\"font-family: arial, helvetica, sans-serif;\">Allgemeine \u00dcberblick<\/span>[\/mk_fancy_title][mk_divider style=&#8220;thin_solid&#8220; divider_width=&#8220;custom_width&#8220; custom_width=&#8220;70&#8243; align=&#8220;left&#8220; thickness=&#8220;3&#8243; margin_top=&#8220;15&#8243; margin_bottom=&#8220;60&#8243;][\/vc_column][vc_column width=&#8220;3\/4&#8243;][vc_row_inner attached=&#8220;true&#8220; padding=&#8220;1&#8243;][vc_column_inner][vc_column_text disable_pattern=&#8220;false&#8220;]<span style=\"font-family: arial, helvetica, sans-serif; color: #000000;\">Zorel Textil \u0130ml.Paz.San.und Tic.Ltd.\u015eti. wurde im Jahr 1989 zum Zweck der T\u00e4tigkeiten von Herstellung der Textilien, Handel und um Export-Import-Transaktionen durchzuf\u00fchren in der Gemeinde G\u00f6ve\u00e7lik in Denizli gegr\u00fcndet. Unsere Firma besch\u00e4ftigt sich mit den Bearbeitungen von Weberei und Konfektion. In unserer Webereiabteilung haben wir 12 St\u00fcck Schaftmaschinen, 6 Jacquard-Webmaschinen, doch in der Konfektionsabteilung haben wir vollautomatische N\u00e4hmaschinen, welch in die Schnitth\u00f6he, in die L\u00e4ge, Breite und in die Enge bearbeiten und es befindet auch Falten und Verpackungslinie in der Abteilung.<\/span><\/p>\n<p><span style=\"font-family: arial, helvetica, sans-serif; color: #000000;\">In unserer Werkstatt ist die Webekapazit\u00e4t 3.5 Tonnen\/ T\u00e4glich, Konfektionsabteilung Kapazit\u00e4t ist 5.5 Tonnen\/ T\u00e4glich f\u00fcr unsere Kunden am Dienste leisten.<\/span><\/p>\n<h3 style=\"text-align: center;\"><span style=\"font-family: arial, helvetica, sans-serif; color: #0000ff;\"><strong>PRODUKTE <\/strong><\/span><\/h3>\n<p><span style=\"font-family: arial, helvetica, sans-serif; color: #000000;\">Unsere Firma f\u00fchrt Handtuch und Bademantel Produktion durch sowie auch die Produktion von Textil- und Konfektion aus.<\/span><\/p>\n<h3 style=\"text-align: center;\"><span style=\"font-family: arial, helvetica, sans-serif; color: #0000ff;\"><strong>R\u00e4umlichkeit <\/strong><\/span><\/h3>\n<p><span style=\"font-family: arial, helvetica, sans-serif; color: #000000;\">Die durchschnittlich geschlossene Fl\u00e4che von 9.800m2. und mit Gr\u00fcnfl\u00e4che und andere offene Bereiche ist die komplette Fl\u00e4che insgesamt 32.000m2.<\/span>[\/vc_column_text][\/vc_column_inner][\/vc_row_inner][mk_padding_divider size=&#8220;70&#8243;][\/vc_column][\/vc_row][vc_row][vc_column][vc_column_text]\n<p>&nbsp;<\/p>\n<p>&nbsp;<\/p>\n[\/vc_column_text][mk_padding_divider size=&#8220;70&#8243;][\/vc_column][\/vc_row][mk_page_section min_height=&#8220;0&#8243; padding_top=&#8220;70&#8243; padding_bottom=&#8220;0&#8243; sidebar=&#8220;sidebar-1&#8243; first_page=&#8220;false&#8220; last_page=&#8220;false&#8220;][vc_column][mk_fancy_title color=&#8220;#ffffff&#8220; size=&#8220;20&#8243; font_weight=&#8220;bold&#8220; font_style=&#8220;normal&#8220; txt_transform=&#8220;uppercase&#8220; letter_spacing=&#8220;1&#8243; margin_bottom=&#8220;0&#8243; font_family=&#8220;none&#8220;]UNSER MARKETING TEAM[\/mk_fancy_title][mk_divider style=&#8220;thin_solid&#8220; divider_width=&#8220;custom_width&#8220; custom_width=&#8220;70&#8243; align=&#8220;left&#8220; thickness=&#8220;3&#8243; margin_top=&#8220;15&#8243; margin_bottom=&#8220;70&#8243;][\/vc_column][\/mk_page_section][vc_row id=&#8220;team&#8220;][vc_column][mk_table style=&#8220;style2&#8243; el_class=&#8220;team&#8220;]\n<table style=\"height: 194px;\" width=\"982\">\n<tbody>\n<tr>\n<td style=\"width: 320px;\">\u00a0<img decoding=\"async\" loading=\"lazy\" class=\"aligncenter size-full wp-image-10443\" src=\"https:\/\/www.zoreltekstil.com.tr\/turkishtextile\/vakcay4.jpg\" alt=\"veysel akcay\" width=\"169\" height=\"205\" \/><\/td>\n<td style=\"width: 320px;\"><\/td>\n<td style=\"width: 320px;\"><\/td>\n<\/tr>\n<tr>\n<td style=\"width: 320px; text-align: center;\"><span style=\"font-family: 'arial black', sans-serif; color: #000000;\"><strong>Veysel AKCAY<\/strong><\/span><\/td>\n<td style=\"width: 320px; text-align: center;\"><\/td>\n<td style=\"width: 320px; text-align: center;\"><\/td>\n<\/tr>\n<tr>\n<td style=\"width: 320px;\"><span style=\"font-family: arial, helvetica, sans-serif; color: #000000;\">Marketing Manager \/ Sales<\/span><\/td>\n<td style=\"width: 320px;\"><\/td>\n<td style=\"width: 320px;\"><\/td>\n<\/tr>\n<tr>\n<td style=\"width: 320px;\"><span style=\"font-family: arial, helvetica, sans-serif; color: #000000;\">TEL \u00a0<a style=\"color: #000000;\" href=\"tel:+902583857207\">+90 258 385 72 07<\/a> \u00a0\/ D: 121<\/span><\/p>\n<p><span style=\"color: #000000; font-family: arial, helvetica, sans-serif;\">GSM:\u00a0<a style=\"color: #000000;\" href=\"tel:+905325246873\">+90 532 524 68 73<\/a><\/span><\/td>\n<td style=\"width: 320px;\"><\/td>\n<td style=\"width: 320px;\"><\/td>\n<\/tr>\n<tr>\n<td style=\"width: 320px;\"><span style=\"font-family: 'arial black', sans-serif; color: #0000ff;\"><strong>DEUTSCH, ENGLISCH,\u00a0TURKISCH<\/strong><\/span><\/td>\n<td style=\"width: 320px;\"><\/td>\n<td style=\"width: 320px;\"><\/td>\n<\/tr>\n<tr>\n<td style=\"width: 320px;\"><span style=\"color: #000000;\"><a style=\"color: #000000;\" href=\"mailto:serkancelikel@zoreltekstil.com.tr\"><span style=\"font-family: arial, helvetica, sans-serif;\">vakcay@zoreltekstil.com.tr<\/span><\/a><\/span><\/td>\n<td style=\"width: 320px;\"><\/td>\n<td style=\"width: 320px;\"><\/td>\n<\/tr>\n<\/tbody>\n<\/table>\n[\/mk_table][mk_padding_divider size=&#8220;70&#8243;][\/vc_column][\/vc_row][mk_page_section min_height=&#8220;0&#8243; padding_top=&#8220;70&#8243; padding_bottom=&#8220;0&#8243; sidebar=&#8220;sidebar-1&#8243; first_page=&#8220;false&#8220; last_page=&#8220;false&#8220;]\n<p>&nbsp;<\/p>\n[mk_page_section min_height=&#8220;0&#8243; padding_top=&#8220;70&#8243; padding_bottom=&#8220;0&#8243; sidebar=&#8220;sidebar-1&#8243; first_page=&#8220;false&#8220; last_page=&#8220;false&#8220;][vc_column][mk_fancy_title color=&#8220;#ffffff&#8220; size=&#8220;20&#8243; font_weight=&#8220;bold&#8220; font_style=&#8220;normal&#8220; txt_transform=&#8220;uppercase&#8220; letter_spacing=&#8220;1&#8243; margin_bottom=&#8220;0&#8243; font_family=&#8220;none&#8220;]<strong>Soziale Verantwortung <\/strong>[\/mk_fancy_title][mk_divider style=&#8220;thin_solid&#8220; divider_width=&#8220;custom_width&#8220; custom_width=&#8220;70&#8243; align=&#8220;left&#8220; thickness=&#8220;3&#8243; margin_top=&#8220;15&#8243; margin_bottom=&#8220;70&#8243;][\/vc_column][\/mk_page_section][vc_row id=&#8220;social&#8220;][vc_column width=&#8220;5\/6&#8243;][vc_row_inner][vc_column_inner width=&#8220;1\/4&#8243;][vc_single_image image=&#8220;9850&#8243;][\/vc_column_inner][vc_column_inner width=&#8220;3\/4&#8243;][vc_column_text]\n<ul>\n<li><span style=\"font-family: arial, helvetica, sans-serif; font-size: 18px;\"><strong>The Rights of Freedom of Association and Collective Bargainingn<\/strong><\/span><br \/>\n<span style=\"font-family: arial, helvetica, sans-serif; font-size: 18px;\">Our enterprise respects the right of workers to form unions or other kinds of worker\u2019s associations and to engage in collective bargaining.<\/span><\/li>\n<\/ul>\n[\/vc_column_text][\/vc_column_inner][\/vc_row_inner][vc_row_inner][vc_column_inner width=&#8220;1\/4&#8243;][vc_single_image image=&#8220;9849&#8243;][\/vc_column_inner][vc_column_inner width=&#8220;3\/4&#8243;][vc_column_text]\n<ul>\n<li><span style=\"font-family: arial, helvetica, sans-serif; font-size: 18px;\"><strong>Fair Remuneration<\/strong><\/span><br \/>\n<span style=\"font-family: arial, helvetica, sans-serif; font-size: 18px;\">Our enterprise respects the right of workers to receive fair remuneration.<\/span><\/li>\n<\/ul>\n[\/vc_column_text][\/vc_column_inner][\/vc_row_inner][vc_row_inner][vc_column_inner width=&#8220;1\/4&#8243;][vc_single_image image=&#8220;9847&#8243;][\/vc_column_inner][vc_column_inner width=&#8220;3\/4&#8243;][vc_column_text]\n<ul>\n<li><span style=\"font-family: arial, helvetica, sans-serif; font-size: 18px;\"><strong>Occupational Health and Safety<\/strong><\/span><br \/>\n<span style=\"font-family: arial, helvetica, sans-serif; font-size: 18px;\">Our enterprise ensures a healthy and safe working environment, assessing risk and taking all necessary measures to eliminate or reduce it.<\/span><\/li>\n<\/ul>\n[\/vc_column_text][\/vc_column_inner][\/vc_row_inner][vc_row_inner][vc_column_inner width=&#8220;1\/4&#8243;][vc_single_image image=&#8220;9852&#8243;][\/vc_column_inner][vc_column_inner width=&#8220;3\/4&#8243;][vc_column_text]\n<ul>\n<li><span style=\"font-family: arial, helvetica, sans-serif; font-size: 18px;\"><strong>Special Protection for Young Workers<\/strong><\/span><br \/>\n<span style=\"font-family: arial, helvetica, sans-serif; font-size: 18px;\">Our enterprise provides special protection to any workers that are not yet adults<\/span><\/li>\n<\/ul>\n[\/vc_column_text][\/vc_column_inner][\/vc_row_inner][vc_row_inner][vc_column_inner width=&#8220;1\/4&#8243;][vc_single_image image=&#8220;9842&#8243;][\/vc_column_inner][vc_column_inner width=&#8220;3\/4&#8243;][vc_column_text]\n<ul>\n<li><span style=\"font-family: arial, helvetica, sans-serif; font-size: 18px;\"><strong>No Bonded Labour<\/strong><\/span><br \/>\n<span style=\"font-family: arial, helvetica, sans-serif; font-size: 18px;\">Our enterprise does not engage in any form of forced servitude, trafficked or non-voluntary labour.<\/span><\/li>\n<\/ul>\n[\/vc_column_text][\/vc_column_inner][\/vc_row_inner][vc_row_inner][vc_column_inner width=&#8220;1\/4&#8243;][vc_single_image image=&#8220;9846&#8243;][\/vc_column_inner][vc_column_inner width=&#8220;3\/4&#8243;][vc_column_text]\n<ul>\n<li><span style=\"font-family: arial, helvetica, sans-serif; font-size: 18px;\"><strong>Ethical Business Behaviour<\/strong><\/span><br \/>\n<span style=\"font-family: arial, helvetica, sans-serif; font-size: 18px;\">Our enterprise does not tolerate any acts of corruption, extortion, embezzlement or bribery.<\/span><\/li>\n<\/ul>\n[\/vc_column_text][\/vc_column_inner][\/vc_row_inner][vc_row_inner][vc_column_inner width=&#8220;1\/4&#8243;][vc_single_image image=&#8220;9844&#8243;][\/vc_column_inner][vc_column_inner width=&#8220;3\/4&#8243;][vc_column_text]\n<ul>\n<li><span style=\"font-size: 18px; font-family: arial, helvetica, sans-serif;\"><strong>No Discrimination<\/strong><\/span><br \/>\n<span style=\"font-size: 18px; font-family: arial, helvetica, sans-serif;\">Our enterprise provides equal opportunities and does not discriminate against workers.<\/span><\/li>\n<\/ul>\n[\/vc_column_text][\/vc_column_inner][\/vc_row_inner][vc_row_inner][vc_column_inner width=&#8220;1\/4&#8243;][vc_single_image image=&#8220;9851&#8243;][\/vc_column_inner][vc_column_inner width=&#8220;3\/4&#8243;][vc_column_text]\n<ul>\n<li><span style=\"font-size: 18px; font-family: arial, helvetica, sans-serif;\"><strong>Decent Working Hours<\/strong><\/span><br \/>\n<span style=\"font-size: 18px; font-family: arial, helvetica, sans-serif;\">Our enterprise observes the law regarding hours of work.<\/span><\/li>\n<\/ul>\n[\/vc_column_text][\/vc_column_inner][\/vc_row_inner][vc_row_inner][vc_column_inner width=&#8220;1\/4&#8243;][vc_single_image image=&#8220;9843&#8243;][\/vc_column_inner][vc_column_inner width=&#8220;3\/4&#8243;][vc_column_text]\n<ul>\n<li><span style=\"font-size: 18px; font-family: arial, helvetica, sans-serif;\"><strong>No Child Labour<\/strong><\/span><br \/>\n<span style=\"font-size: 18px; font-family: arial, helvetica, sans-serif;\">Our enterprise does not hire any worker below the legal minimum age.<\/span><\/li>\n<\/ul>\n[\/vc_column_text][\/vc_column_inner][\/vc_row_inner][vc_row_inner][vc_column_inner width=&#8220;1\/4&#8243;][vc_single_image image=&#8220;9848&#8243;][\/vc_column_inner][vc_column_inner width=&#8220;3\/4&#8243;][vc_column_text]\n<ul>\n<li><span style=\"font-size: 18px; font-family: arial, helvetica, sans-serif;\"><strong>No Precarious Employment<\/strong><\/span><br \/>\n<span style=\"font-size: 18px; font-family: arial, helvetica, sans-serif;\">Our enterprise hires workers on the basis of documented contracts according to the law.<\/span><\/li>\n<\/ul>\n[\/vc_column_text][\/vc_column_inner][\/vc_row_inner][vc_row_inner][vc_column_inner width=&#8220;1\/4&#8243;][vc_single_image image=&#8220;9845&#8243;][\/vc_column_inner][vc_column_inner width=&#8220;3\/4&#8243;][vc_column_text]\n<ul>\n<li><span style=\"font-size: 18px; font-family: arial, helvetica, sans-serif;\"><strong>Protection of the Environment<\/strong><\/span><br \/>\n<span style=\"font-size: 18px; font-family: arial, helvetica, sans-serif;\">Our enterprise takes the necessary measures to avoid environmental degradation.<\/span><\/li>\n<\/ul>\n[\/vc_column_text][\/vc_column_inner][\/vc_row_inner][\/vc_column][vc_column width=&#8220;1\/6&#8243;][vc_column_text]\n[\/vc_column_text][\/vc_column][\/vc_row][vc_row id=&#8220;certificate&#8220;][vc_column][mk_padding_divider size=&#8220;70&#8243;][mk_fancy_title color=&#8220;#393836&#8243; size=&#8220;20&#8243; font_weight=&#8220;bold&#8220; font_style=&#8220;normal&#8220; txt_transform=&#8220;uppercase&#8220; letter_spacing=&#8220;1&#8243; margin_bottom=&#8220;0&#8243; font_family=&#8220;none&#8220;]Zertifikaten[\/mk_fancy_title][mk_divider style=&#8220;thin_solid&#8220; divider_width=&#8220;custom_width&#8220; custom_width=&#8220;70&#8243; align=&#8220;left&#8220; thickness=&#8220;3&#8243; margin_top=&#8220;15&#8243; margin_bottom=&#8220;50&#8243;][mk_tab_slider orderby=&#8220;menu_order&#8220; button_size=&#8220;16&#8243; tabs=&#8220;4885,4886&#8243;][mk_padding_divider size=&#8220;90&#8243;][\/vc_column][\/vc_row]\n","protected":false},"excerpt":{"rendered":"<p>[mk_page_section bg_image=&#8220;https:\/\/www.zoreltekstil.com.tr\/de\/turkishtextile\/about.jpg&#8220; bg_position=&#8220;center top&#8220; bg_stretch=&#8220;true&#8220; enable_3d=&#8220;true&#8220; video_loop=&#8220;false&#8220; min_height=&#8220;0&#8243; full_width=&#8220;true&#8220; full_height=&#8220;true&#8220; padding_top=&#8220;88&#8243; padding_bottom=&#8220;60&#8243; visibility=&#8220;hidden-sm&#8220; sidebar=&#8220;sidebar-1&#8243; first_page=&#8220;false&#8220; last_page=&#8220;false&#8220;][vc_column width=&#8220;1\/4&#8243; css=&#8220;.vc_custom_1453812339998{background-color: rgba(30,115,190,0.2) !important;background-position: center !important;background-repeat: no-repeat !important;background-size: cover !important;*background-color: rgb(30,115,190) !important;border-radius: 10px !important;}&#8220;][mk_milestone icon=&#8220;mk-li-smile&#8220; icon_size=&#8220;large&#8220; align=&#8220;center&#8220; icon_color=&#8220;#ffffff&#8220; stop=&#8220;99.7&#8243; suffix=&#8220;%&#8220; text=&#8220;Customer Happies&#8220; text_color=&#8220;#ffffff&#8220; font_family=&#8220;none&#8220; font_weight=&#8220;bolder&#8220; desc_size=&#8220;21&#8243;][\/vc_column][vc_column width=&#8220;1\/4&#8243; css=&#8220;.vc_custom_1453812896780{background-color: rgba(30,115,190,0.2) !important;*background-color: rgb(30,115,190) !important;border-radius: 20px !important;}&#8220;][mk_milestone icon=&#8220;mk-li-smile&#8220; icon_size=&#8220;large&#8220; align=&#8220;center&#8220; icon_color=&#8220;#ffffff&#8220; stop=&#8220;180&#8243; [&hellip;]<\/p>\n","protected":false},"author":1,"featured_media":0,"parent":0,"menu_order":0,"comment_status":"open","ping_status":"open","template":"","meta":[],"yoast_head":"<!-- This site is optimized with the Yoast SEO plugin v20.13 - https:\/\/yoast.com\/wordpress\/plugins\/seo\/ -->\n<title>Handtuch Bademantel Bettw\u00e4sche Produktion<\/title>\n<meta name=\"description\" content=\"Unsere Firma f\u00fchrt Handtuch und Bademantel Produktion durch sowie auch die Produktion von Textil- und Konfektion aus.\" \/>\n<meta name=\"robots\" content=\"index, follow, max-snippet:-1, max-image-preview:large, max-video-preview:-1\" \/>\n<link rel=\"canonical\" href=\"https:\/\/www.zoreltekstil.com.tr\/de\/handtuch-bademantel-bettwasche-produktion\/\" \/>\n<meta property=\"og:locale\" content=\"de_DE\" \/>\n<meta property=\"og:type\" content=\"article\" \/>\n<meta property=\"og:title\" content=\"Handtuch Bademantel Bettw\u00e4sche Produktion\" \/>\n<meta property=\"og:description\" content=\"Unsere Firma f\u00fchrt Handtuch und Bademantel Produktion durch sowie auch die Produktion von Textil- und Konfektion aus.\" \/>\n<meta property=\"og:url\" content=\"https:\/\/www.zoreltekstil.com.tr\/de\/handtuch-bademantel-bettwasche-produktion\/\" \/>\n<meta property=\"og:site_name\" content=\"Zorel Textile Corp. &gt;&gt; Turkisch Handt\u00fccher\" \/>\n<meta property=\"article:modified_time\" content=\"2017-07-18T11:50:56+00:00\" \/>\n<meta property=\"og:image\" content=\"https:\/\/www.zoreltekstil.com.tr\/turkishtextile\/vakcay4.jpg\" \/>\n<meta name=\"twitter:card\" content=\"summary_large_image\" \/>\n<meta name=\"twitter:label1\" content=\"Gesch\u00e4tzte Lesezeit\" \/>\n\t<meta name=\"twitter:data1\" content=\"9\u00a0Minuten\" \/>\n<script type=\"application\/ld+json\" class=\"yoast-schema-graph\">{\"@context\":\"https:\/\/schema.org\",\"@graph\":[{\"@type\":\"WebPage\",\"@id\":\"https:\/\/www.zoreltekstil.com.tr\/de\/handtuch-bademantel-bettwasche-produktion\/\",\"url\":\"https:\/\/www.zoreltekstil.com.tr\/de\/handtuch-bademantel-bettwasche-produktion\/\",\"name\":\"Handtuch Bademantel Bettw\u00e4sche Produktion\",\"isPartOf\":{\"@id\":\"https:\/\/www.zoreltekstil.com.tr\/de\/#website\"},\"datePublished\":\"2014-09-01T18:08:31+00:00\",\"dateModified\":\"2017-07-18T11:50:56+00:00\",\"description\":\"Unsere Firma f\u00fchrt Handtuch und Bademantel Produktion durch sowie auch die Produktion von Textil- und Konfektion aus.\",\"breadcrumb\":{\"@id\":\"https:\/\/www.zoreltekstil.com.tr\/de\/handtuch-bademantel-bettwasche-produktion\/#breadcrumb\"},\"inLanguage\":\"de\",\"potentialAction\":[{\"@type\":\"ReadAction\",\"target\":[\"https:\/\/www.zoreltekstil.com.tr\/de\/handtuch-bademantel-bettwasche-produktion\/\"]}]},{\"@type\":\"BreadcrumbList\",\"@id\":\"https:\/\/www.zoreltekstil.com.tr\/de\/handtuch-bademantel-bettwasche-produktion\/#breadcrumb\",\"itemListElement\":[{\"@type\":\"ListItem\",\"position\":1,\"name\":\"T\u00fcrkisch Handtuch &amp; Bademantel &amp; Leinen\",\"item\":\"https:\/\/www.zoreltekstil.com.tr\/de\/\"},{\"@type\":\"ListItem\",\"position\":2,\"name\":\"Handtuch Bademantel Bettw\u00e4sche Produktion\"}]},{\"@type\":\"WebSite\",\"@id\":\"https:\/\/www.zoreltekstil.com.tr\/de\/#website\",\"url\":\"https:\/\/www.zoreltekstil.com.tr\/de\/\",\"name\":\"Zorel Textile Corp. &gt;&gt; Turkisch Handt\u00fccher\",\"description\":\"\",\"potentialAction\":[{\"@type\":\"SearchAction\",\"target\":{\"@type\":\"EntryPoint\",\"urlTemplate\":\"https:\/\/www.zoreltekstil.com.tr\/de\/?s={search_term_string}\"},\"query-input\":\"required name=search_term_string\"}],\"inLanguage\":\"de\"}]}<\/script>\n<!-- \/ Yoast SEO plugin. -->","yoast_head_json":{"title":"Handtuch Bademantel Bettw\u00e4sche Produktion","description":"Unsere Firma f\u00fchrt Handtuch und Bademantel Produktion durch sowie auch die Produktion von Textil- und Konfektion aus.","robots":{"index":"index","follow":"follow","max-snippet":"max-snippet:-1","max-image-preview":"max-image-preview:large","max-video-preview":"max-video-preview:-1"},"canonical":"https:\/\/www.zoreltekstil.com.tr\/de\/handtuch-bademantel-bettwasche-produktion\/","og_locale":"de_DE","og_type":"article","og_title":"Handtuch Bademantel Bettw\u00e4sche Produktion","og_description":"Unsere Firma f\u00fchrt Handtuch und Bademantel Produktion durch sowie auch die Produktion von Textil- und Konfektion aus.","og_url":"https:\/\/www.zoreltekstil.com.tr\/de\/handtuch-bademantel-bettwasche-produktion\/","og_site_name":"Zorel Textile Corp. &gt;&gt; Turkisch Handt\u00fccher","article_modified_time":"2017-07-18T11:50:56+00:00","og_image":[{"url":"https:\/\/www.zoreltekstil.com.tr\/turkishtextile\/vakcay4.jpg"}],"twitter_card":"summary_large_image","twitter_misc":{"Gesch\u00e4tzte Lesezeit":"9\u00a0Minuten"},"schema":{"@context":"https:\/\/schema.org","@graph":[{"@type":"WebPage","@id":"https:\/\/www.zoreltekstil.com.tr\/de\/handtuch-bademantel-bettwasche-produktion\/","url":"https:\/\/www.zoreltekstil.com.tr\/de\/handtuch-bademantel-bettwasche-produktion\/","name":"Handtuch Bademantel Bettw\u00e4sche Produktion","isPartOf":{"@id":"https:\/\/www.zoreltekstil.com.tr\/de\/#website"},"datePublished":"2014-09-01T18:08:31+00:00","dateModified":"2017-07-18T11:50:56+00:00","description":"Unsere Firma f\u00fchrt Handtuch und Bademantel Produktion durch sowie auch die Produktion von Textil- und Konfektion aus.","breadcrumb":{"@id":"https:\/\/www.zoreltekstil.com.tr\/de\/handtuch-bademantel-bettwasche-produktion\/#breadcrumb"},"inLanguage":"de","potentialAction":[{"@type":"ReadAction","target":["https:\/\/www.zoreltekstil.com.tr\/de\/handtuch-bademantel-bettwasche-produktion\/"]}]},{"@type":"BreadcrumbList","@id":"https:\/\/www.zoreltekstil.com.tr\/de\/handtuch-bademantel-bettwasche-produktion\/#breadcrumb","itemListElement":[{"@type":"ListItem","position":1,"name":"T\u00fcrkisch Handtuch &amp; Bademantel &amp; Leinen","item":"https:\/\/www.zoreltekstil.com.tr\/de\/"},{"@type":"ListItem","position":2,"name":"Handtuch Bademantel Bettw\u00e4sche Produktion"}]},{"@type":"WebSite","@id":"https:\/\/www.zoreltekstil.com.tr\/de\/#website","url":"https:\/\/www.zoreltekstil.com.tr\/de\/","name":"Zorel Textile Corp. &gt;&gt; Turkisch Handt\u00fccher","description":"","potentialAction":[{"@type":"SearchAction","target":{"@type":"EntryPoint","urlTemplate":"https:\/\/www.zoreltekstil.com.tr\/de\/?s={search_term_string}"},"query-input":"required name=search_term_string"}],"inLanguage":"de"}]}},"_links":{"self":[{"href":"https:\/\/www.zoreltekstil.com.tr\/de\/wp-json\/wp\/v2\/pages\/4858"}],"collection":[{"href":"https:\/\/www.zoreltekstil.com.tr\/de\/wp-json\/wp\/v2\/pages"}],"about":[{"href":"https:\/\/www.zoreltekstil.com.tr\/de\/wp-json\/wp\/v2\/types\/page"}],"author":[{"embeddable":true,"href":"https:\/\/www.zoreltekstil.com.tr\/de\/wp-json\/wp\/v2\/users\/1"}],"replies":[{"embeddable":true,"href":"https:\/\/www.zoreltekstil.com.tr\/de\/wp-json\/wp\/v2\/comments?post=4858"}],"version-history":[{"count":3,"href":"https:\/\/www.zoreltekstil.com.tr\/de\/wp-json\/wp\/v2\/pages\/4858\/revisions"}],"predecessor-version":[{"id":10342,"href":"https:\/\/www.zoreltekstil.com.tr\/de\/wp-json\/wp\/v2\/pages\/4858\/revisions\/10342"}],"wp:attachment":[{"href":"https:\/\/www.zoreltekstil.com.tr\/de\/wp-json\/wp\/v2\/media?parent=4858"}],"curies":[{"name":"wp","href":"https:\/\/api.w.org\/{rel}","templated":true}]}}